{"id":824,"date":"2015-02-26T19:16:15","date_gmt":"2015-02-26T18:16:15","guid":{"rendered":"http:\/\/www.jahraus.eu\/?page_id=824"},"modified":"2026-02-18T21:26:36","modified_gmt":"2026-02-18T20:26:36","slug":"nijmegen-marsch","status":"publish","type":"page","link":"https:\/\/www.jahraus.eu\/?page_id=824","title":{"rendered":"Nijmegen"},"content":{"rendered":"<p style=\"text-align: left;\">Der <a title=\"Sie werden in einem neuen Tab zu Wikipedia weitergeleitet\" href=\"http:\/\/de.wikipedia.org\/wiki\/Nijmegenmarsch\" target=\"_blank\" rel=\"noopener\"><span style=\"color: #0000ff;\">Nijmegen Marsch<\/span><\/a> ist ein 4 Tage Marsch in den Niederlanden.<br \/>\nEr beginnt j\u00e4hrlich am 3. Dienstag&nbsp; im Juli statt.<\/p>\n<p style=\"text-align: left;\">\n<table id=\"tablepress-2\" class=\"tablepress tablepress-id-2\">\n<tbody class=\"row-striping row-hover\">\n<tr class=\"row-1\">\n\t<td class=\"column-1\"><a href=\"http:\/\/www.jahraus.eu\/wp-content\/uploads\/2025\/10\/nijmegen2025.jpg\" target=\"_blank\" rel=\"attachment wp-att-6279 noopener\"><img loading=\"lazy\" decoding=\"async\" src=\"http:\/\/www.jahraus.eu\/wp-content\/uploads\/2025\/10\/nijmegen2025.jpg\" alt=\"Urkunde-2025\" width=\"300\" height=\"212\" class=\"alignnone size-medium wp-image-6279\" \/><\/a><\/td><td class=\"column-2\"><\/td><td class=\"column-3\">2025 - habe ich meine 13 te Teilnahme erfolgreich abgeschlossen.<br \/>\n2026 is calling \ud83d\ude09<\/td>\n<\/tr>\n<tr class=\"row-2\">\n\t<td class=\"column-1\"><a href=\"http:\/\/www.jahraus.eu\/wp-content\/uploads\/2024\/08\/Screenshot-2024-08-01-161812.png\" target=\"_blank\" rel=\"attachment wp-att-6279 noopener\"><img loading=\"lazy\" decoding=\"async\" src=\"http:\/\/www.jahraus.eu\/wp-content\/uploads\/2024\/08\/Screenshot-2024-08-01-161812.png\" alt=\"Urkunde-2024\" width=\"300\" height=\"212\" class=\"alignnone size-medium wp-image-6279\" \/><\/a><\/td><td class=\"column-2\"><\/td><td class=\"column-3\">2024 - habe ich meine 12 te Teilnahme erfolgreich abgeschlossen.<br \/>\n2025 is calling \ud83d\ude09<\/td>\n<\/tr>\n<tr class=\"row-3\">\n\t<td class=\"column-1\"><a href=\"http:\/\/www.jahraus.eu\/wp-content\/uploads\/2023\/07\/105ste-Internationalee-Vierdaagse-Afstandsmarsen-Nijmegen-scaled.jpg\" target=\"_blank\" rel=\"attachment wp-att-6279 noopener\"><img loading=\"lazy\" decoding=\"async\" src=\"http:\/\/www.jahraus.eu\/wp-content\/uploads\/2023\/07\/105ste-Internationalee-Vierdaagse-Afstandsmarsen-Nijmegen-scaled.jpg\" alt=\"Urkunde-2023\" width=\"300\" height=\"212\" class=\"alignnone size-medium wp-image-6279\" \/><\/a><\/td><td class=\"column-2\"><\/td><td class=\"column-3\">2023 - habe ich meine 11 te Teilnahme erfolgreich abgeschlossen.<br \/>\n2024 is calling \ud83d\ude09<\/td>\n<\/tr>\n<tr class=\"row-4\">\n\t<td class=\"column-1\"><a href=\"https:\/\/1drv.ms\/u\/s!Apbm0a_ZRETzn6Fb-VQER5fb6yTWqw?e=d9DhAs\" target=\"_blank\" rel=\"attachment wp-att-6279 noopener\"><img loading=\"lazy\" decoding=\"async\" src=\"http:\/\/www.jahraus.eu\/wp-content\/uploads\/2019\/08\/Urkunde-2019.jpg\" alt=\"Urkunde-2019\" width=\"300\" height=\"212\" class=\"alignnone size-medium wp-image-6279\" \/><\/a><\/td><td class=\"column-2\"><\/td><td class=\"column-3\">2019 - habe ich meine 10 te Teilnahme erfolgreich abgeschlossen. <br \/>\n2020 is calling \ud83d\ude09<\/td>\n<\/tr>\n<tr class=\"row-5\">\n\t<td class=\"column-1\"><a href=\"https:\/\/1drv.ms\/f\/s!Apbm0a_ZRETzno1C5-kTA5WwoBILqw\" target=\"_blank\" rel=\"attachment wp-att-6279 noopener\"><img loading=\"lazy\" decoding=\"async\" src=\"http:\/\/www.jahraus.eu\/wp-content\/uploads\/2018\/08\/4daagse-2018.jpg\" alt=\"Urkunde-2018\" width=\"300\" height=\"212\" class=\"alignnone size-medium wp-image-6279\" \/><\/a><\/td><td class=\"column-2\"><\/td><td class=\"column-3\">2018 - bin ich mit meinem Neffen David die 4Daagse angegangen. Wir hatten ausreichend trainiert und sind aus meiner Sicht gut vorbereitet auf die 4x40 km hineingestartet. Das Wetter hat es mit uns allen die gesamte Woche gut gemeint und wir haben am Freitag gemeinsam das Ziel erreicht. Meine Schuhe wurden gesponsort von leguano-barfu\u00dfschuh. Den Bericht dazu gibt es hier: <a href=\"https:\/\/www.leguano.eu\/barfuss-blog\/mit-leguano-barfussschuhen-auf-dem-4-tage-marsch-in-nijmegen\" rel=\"noopener\" target=\"_blank\"<span style=\"color: #0000ff;\">leguano<\/a><\/td>\n<\/tr>\n<tr class=\"row-6\">\n\t<td class=\"column-1\"><a href=\"https:\/\/1drv.ms\/f\/s!Apbm0a_ZRETzkKRSE4GHZKgBdz_gpA\" target=\"_blank\" rel=\"attachment wp-att-6279 noopener\"><img loading=\"lazy\" decoding=\"async\" src=\"http:\/\/www.jahraus.eu\/wp-content\/uploads\/2016\/10\/4daagse-2016-300x212.jpg\" alt=\"Urkunde-2016\" width=\"300\" height=\"212\" class=\"alignnone size-medium wp-image-6279\" srcset=\"https:\/\/www.jahraus.eu\/wp-content\/uploads\/2016\/10\/4daagse-2016-300x212.jpg 300w, https:\/\/www.jahraus.eu\/wp-content\/uploads\/2016\/10\/4daagse-2016-768x542.jpg 768w, https:\/\/www.jahraus.eu\/wp-content\/uploads\/2016\/10\/4daagse-2016-1024x723.jpg 1024w, https:\/\/www.jahraus.eu\/wp-content\/uploads\/2016\/10\/4daagse-2016-788x556.jpg 788w\" sizes=\"auto, (max-width: 300px) 100vw, 300px\" \/><\/a><\/td><td class=\"column-2\"><\/td><td class=\"column-3\">2016 - konnten sich 50 000 Bewerber anmelden. Insgesamt sind am 1. Tag 47 166 Teilnehmer gestartet. Das Ziel nach 4 Tagen haben 42 557 Teilnehmer erreicht. Die meisten Ausf\u00e4lle gab es nach dem 2. Tag mit 2050 Teilnehmern. <br \/>\nEs war wieder ein wunderbares Erlebnis, welches mit der 8. bestandenen Teilnahme endete.<\/td>\n<\/tr>\n<tr class=\"row-7\">\n\t<td class=\"column-1\"><a href=\"https:\/\/onedrive.live.com\/redir?resid=F34444D9AFD1E696!266833&amp;authkey=!AAAWPNRG8rW8XDI&amp;ithint=folder%2cjpg\" target=\"_blank\" rel=\"attachment wp-att-2878 noopener\"><img loading=\"lazy\" decoding=\"async\" src=\"http:\/\/www.jahraus.eu\/wp-content\/uploads\/2016\/01\/Urkunde-2015-300x212.jpg\" alt=\"Urkunde-2015\" width=\"300\" height=\"212\" class=\"alignnone size-medium wp-image-2878\" srcset=\"https:\/\/www.jahraus.eu\/wp-content\/uploads\/2016\/01\/Urkunde-2015-300x212.jpg 300w, https:\/\/www.jahraus.eu\/wp-content\/uploads\/2016\/01\/Urkunde-2015-768x542.jpg 768w, https:\/\/www.jahraus.eu\/wp-content\/uploads\/2016\/01\/Urkunde-2015.jpg 1024w, https:\/\/www.jahraus.eu\/wp-content\/uploads\/2016\/01\/Urkunde-2015-788x556.jpg 788w\" sizes=\"auto, (max-width: 300px) 100vw, 300px\" \/><\/a><\/td><td class=\"column-2\"><\/td><td class=\"column-3\">2015 - habe ich meine 7 Teilnahme an einem Nijmegen Marsch erfolgreich abgeschlossen.<br \/>\nNun d\u00fcrfte eine Teilnahme an der 100. Veranstaltung 2016 (fast) sicher sein.<br \/>\nIch freue mich bereits darauf.<\/td>\n<\/tr>\n<tr class=\"row-8\">\n\t<td class=\"column-1\"><a href=\"https:\/\/onedrive.live.com\/redir?resid=F34444D9AFD1E696!266832&amp;authkey=!AO1v9dY_knMlOaA&amp;ithint=folder%2cjpg\" target=\"_blank\" rel=\"attachment wp-att-2876 noopener\"><img loading=\"lazy\" decoding=\"async\" src=\"http:\/\/www.jahraus.eu\/wp-content\/uploads\/2016\/01\/Urkunde-2014-300x212.jpg\" alt=\"Urkunde-2014\" width=\"300\" height=\"212\" class=\"alignnone size-medium wp-image-2876\" srcset=\"https:\/\/www.jahraus.eu\/wp-content\/uploads\/2016\/01\/Urkunde-2014-300x212.jpg 300w, https:\/\/www.jahraus.eu\/wp-content\/uploads\/2016\/01\/Urkunde-2014-768x543.jpg 768w, https:\/\/www.jahraus.eu\/wp-content\/uploads\/2016\/01\/Urkunde-2014.jpg 1024w, https:\/\/www.jahraus.eu\/wp-content\/uploads\/2016\/01\/Urkunde-2014-788x557.jpg 788w\" sizes=\"auto, (max-width: 300px) 100vw, 300px\" \/><\/a><\/td><td class=\"column-2\"><\/td><td class=\"column-3\">2014 - habe ich zum 6 Mal an einem Nijmegen Marsch teilgenommen. Es war wieder eine tolle Stimmung. Untergebracht waren wir wieder in Kranenburg in der neu renovierten Sporthalle.<\/td>\n<\/tr>\n<tr class=\"row-9\">\n\t<td class=\"column-1\"><a href=\"https:\/\/onedrive.live.com\/redir?resid=F34444D9AFD1E696!266831&amp;authkey=!AP8vgd4S_yMfM5E&amp;ithint=folder%2cjpg\" target=\"_blank\" rel=\"attachment wp-att-2875 noopener\"><img loading=\"lazy\" decoding=\"async\" src=\"http:\/\/www.jahraus.eu\/wp-content\/uploads\/2016\/01\/Urkunde-2013-300x212.jpg\" alt=\"Urkunde-2013\" width=\"300\" height=\"212\" class=\"alignnone size-medium wp-image-2875\" srcset=\"https:\/\/www.jahraus.eu\/wp-content\/uploads\/2016\/01\/Urkunde-2013-300x212.jpg 300w, https:\/\/www.jahraus.eu\/wp-content\/uploads\/2016\/01\/Urkunde-2013-768x543.jpg 768w, https:\/\/www.jahraus.eu\/wp-content\/uploads\/2016\/01\/Urkunde-2013.jpg 1024w, https:\/\/www.jahraus.eu\/wp-content\/uploads\/2016\/01\/Urkunde-2013-788x557.jpg 788w\" sizes=\"auto, (max-width: 300px) 100vw, 300px\" \/><\/a><\/td><td class=\"column-2\"><\/td><td class=\"column-3\">2013 - bei meiner 5 Teilnahme an einem Nijmegen Marsch war ich wie im Vorjahr in Kranenburg . Da es in Nordrhein-Westfalen noch keine Ferien gab, waren wir in Zelten untergebracht.<\/td>\n<\/tr>\n<tr class=\"row-10\">\n\t<td class=\"column-1\"><a href=\"https:\/\/onedrive.live.com\/redir?resid=F34444D9AFD1E696!266830&amp;authkey=!AK42zdxrPNyRvug&amp;ithint=folder%2cjpg\" target=\"_blank\" rel=\"attachment wp-att-2874 noopener\"><img loading=\"lazy\" decoding=\"async\" src=\"http:\/\/www.jahraus.eu\/wp-content\/uploads\/2016\/01\/Urkunde-2012-300x212.jpg\" alt=\"Urkunde-2012\" width=\"300\" height=\"212\" class=\"alignnone size-medium wp-image-2874\" srcset=\"https:\/\/www.jahraus.eu\/wp-content\/uploads\/2016\/01\/Urkunde-2012-300x212.jpg 300w, https:\/\/www.jahraus.eu\/wp-content\/uploads\/2016\/01\/Urkunde-2012-768x543.jpg 768w, https:\/\/www.jahraus.eu\/wp-content\/uploads\/2016\/01\/Urkunde-2012.jpg 1024w, https:\/\/www.jahraus.eu\/wp-content\/uploads\/2016\/01\/Urkunde-2012-788x557.jpg 788w\" sizes=\"auto, (max-width: 300px) 100vw, 300px\" \/><\/a><\/td><td class=\"column-2\"><\/td><td class=\"column-3\">2012 - nach 22 Jahren hat mich der Wandervirus wieder gepackt. Aufgrund meines fortgeschrittenen Alters, konnte ich die 4 x 40 km Variante w\u00e4hlen. Davon habe ich auch Gebrauch gemacht. Zumal ich ja bereits wusste, dass ich danach auf dem Camino Portugu\u00eas pilgern wollte. Untergebracht war ich in der Sporthalle in Kranenburg.<\/td>\n<\/tr>\n<tr class=\"row-11\">\n\t<td class=\"column-1\"><a href=\"https:\/\/onedrive.live.com\/redir?resid=F34444D9AFD1E696!266829&amp;authkey=!AHPoaiTIK5rKs_0&amp;ithint=folder%2cjpg\" target=\"_blank\" rel=\"attachment wp-att-2873 noopener\"><img loading=\"lazy\" decoding=\"async\" src=\"http:\/\/www.jahraus.eu\/wp-content\/uploads\/2016\/01\/Urkunde-1990-212x300.jpg\" alt=\"Urkunde-1990\" width=\"212\" height=\"300\" class=\"alignnone size-medium wp-image-2873\" srcset=\"https:\/\/www.jahraus.eu\/wp-content\/uploads\/2016\/01\/Urkunde-1990-212x300.jpg 212w, https:\/\/www.jahraus.eu\/wp-content\/uploads\/2016\/01\/Urkunde-1990.jpg 724w\" sizes=\"auto, (max-width: 212px) 100vw, 212px\" \/><\/a><\/td><td class=\"column-2\"><\/td><td class=\"column-3\">1990 - war ich auf einem privaten Campingplatz in Lent untergebracht. In diesem Jahr gibt es erstmals auch Bilder.  <\/td>\n<\/tr>\n<tr class=\"row-12\">\n\t<td class=\"column-1\"><a href=\"https:\/\/onedrive.live.com\/redir?resid=F34444D9AFD1E696!266828&amp;authkey=!ANwPMI5uQmAvGPM&amp;ithint=folder%2cjpg\" target=\"_blank\" rel=\"attachment wp-att-2872 noopener\"><img loading=\"lazy\" decoding=\"async\" src=\"http:\/\/www.jahraus.eu\/wp-content\/uploads\/2016\/01\/Urkunde1989-212x300.jpg\" alt=\"Urkunde1989\" width=\"212\" height=\"300\" class=\"alignnone size-medium wp-image-2872\" srcset=\"https:\/\/www.jahraus.eu\/wp-content\/uploads\/2016\/01\/Urkunde1989-212x300.jpg 212w, https:\/\/www.jahraus.eu\/wp-content\/uploads\/2016\/01\/Urkunde1989.jpg 724w\" sizes=\"auto, (max-width: 212px) 100vw, 212px\" \/><\/a><\/td><td class=\"column-2\"><\/td><td class=\"column-3\">1989 - nahm ich zum zweiten mal beim 4 Tage-Marsch in Nijmegen teil.<br \/>\nWieder war ich in der Kaserne in Kleve untergebracht und wieder gibt es keine Bilder. Aber bei der n\u00e4chsten Teilnahme gibt es welche.<\/td>\n<\/tr>\n<tr class=\"row-13\">\n\t<td class=\"column-1\"><a href=\"https:\/\/onedrive.live.com\/redir?resid=F34444D9AFD1E696!266827&amp;authkey=!ANrRu-GCM9RIZAs&amp;ithint=folder%2cjpg\" target=\"_blank\" rel=\"attachment wp-att-2871 noopener\"><img loading=\"lazy\" decoding=\"async\" src=\"http:\/\/www.jahraus.eu\/wp-content\/uploads\/2016\/01\/Urkunde-1988-212x300.jpg\" alt=\"Urkunde-1988\" width=\"212\" height=\"300\" class=\"alignnone size-medium wp-image-2871\" srcset=\"https:\/\/www.jahraus.eu\/wp-content\/uploads\/2016\/01\/Urkunde-1988-212x300.jpg 212w, https:\/\/www.jahraus.eu\/wp-content\/uploads\/2016\/01\/Urkunde-1988.jpg 724w\" sizes=\"auto, (max-width: 212px) 100vw, 212px\" \/><\/a><\/td><td class=\"column-2\"><\/td><td class=\"column-3\">1988 - habe ich zum ersten mal bei einem Nijmegen-Marsch teilgenommen. Untergebracht war ich in einer Kaserne in Kleve. Dort hatte die K\u00fcche extra f\u00fcr die Nijmegen-Marsch-Teilnehmer um 02:00 Uhr ge\u00f6ffnet. Nach dem Fr\u00fcst\u00fcck brauchte man etwa 30 Minuten um nach Nijmegen mit dem Auto zu fahren. Nach der Parkplatzsuche ging es direkt zum START. Leider gibt es dazu keine Bilder.<\/td>\n<\/tr>\n<\/tbody>\n<\/table>\n<!-- #tablepress-2 from cache --><\/p>\n<p><span style=\"color: #0000ff;\">&nbsp;<\/span><\/p>\n","protected":false},"excerpt":{"rendered":"<p>Der Nijmegen Marsch ist ein 4 Tage Marsch in den Niederlanden. Er beginnt j\u00e4hrlich am 3. Dienstag&nbsp; im Juli statt. &nbsp;<\/p>\n","protected":false},"author":1,"featured_media":0,"parent":0,"menu_order":4,"comment_status":"closed","ping_status":"closed","template":"","meta":{"ngg_post_thumbnail":0,"jetpack_post_was_ever_published":false,"footnotes":""},"class_list":["post-824","page","type-page","status-publish","hentry"],"jetpack_shortlink":"https:\/\/wp.me\/P5NjPm-di","jetpack_sharing_enabled":true,"_links":{"self":[{"href":"https:\/\/www.jahraus.eu\/index.php?rest_route=\/wp\/v2\/pages\/824","targetHints":{"allow":["GET"]}}],"collection":[{"href":"https:\/\/www.jahraus.eu\/index.php?rest_route=\/wp\/v2\/pages"}],"about":[{"href":"https:\/\/www.jahraus.eu\/index.php?rest_route=\/wp\/v2\/types\/page"}],"author":[{"embeddable":true,"href":"https:\/\/www.jahraus.eu\/index.php?rest_route=\/wp\/v2\/users\/1"}],"replies":[{"embeddable":true,"href":"https:\/\/www.jahraus.eu\/index.php?rest_route=%2Fwp%2Fv2%2Fcomments&post=824"}],"version-history":[{"count":37,"href":"https:\/\/www.jahraus.eu\/index.php?rest_route=\/wp\/v2\/pages\/824\/revisions"}],"predecessor-version":[{"id":9716,"href":"https:\/\/www.jahraus.eu\/index.php?rest_route=\/wp\/v2\/pages\/824\/revisions\/9716"}],"wp:attachment":[{"href":"https:\/\/www.jahraus.eu\/index.php?rest_route=%2Fwp%2Fv2%2Fmedia&parent=824"}],"curies":[{"name":"wp","href":"https:\/\/api.w.org\/{rel}","templated":true}]}}